{"id":5136,"date":"2020-03-04T10:57:00","date_gmt":"2020-03-04T09:57:00","guid":{"rendered":"https:\/\/sophieott.it\/prodotto\/audio-corso-sovrappeso-cosa-mi-racconti\/"},"modified":"2024-10-15T15:56:24","modified_gmt":"2024-10-15T13:56:24","slug":"cours-audio-surpoids-que-me-racontes-tu","status":"publish","type":"product","link":"https:\/\/sophieott.it\/fr\/prodotto\/cours-audio-surpoids-que-me-racontes-tu\/","title":{"rendered":"Cours Audio \u00ab\u00a0Surpoids, que me racontes-tu?"},"content":{"rendered":"<h4>STRUCTURE DES CONTENUS<\/h4>\n<p>Le cours est organis\u00e9 en 9 audio mp3 chacun de quelques minutes.<\/p>\n<p><strong>Audio 01<\/strong>: Introduction \u00e0 l&rsquo;approche et d\u00e9but concret du parcours.<br \/>\n<strong>Audio 02<\/strong>: Se reconnecter aux signaux du corps: faim et sati\u00e9t\u00e9.<br \/>\n<strong>Audio 03<\/strong>: L&rsquo;effet des convictions sur le poids.<br \/>\n<strong>Audio 04<\/strong>: Le point de vue de la Biopsicog\u00e9n\u00e9alogie.<br \/>\n<strong>Audio 05<\/strong>: Surpoids, programme biologique sens\u00e9? (1)<br \/>\n<strong>Audio 06<\/strong>: Surpoids, programme biologique sens\u00e9? (2)<br \/>\n<strong>Audio 07<\/strong>: Les d\u00e9sirs d&rsquo;aliments sp\u00e9cifiques.<br \/>\n<strong>Audio 08<\/strong>: Le corps est programm\u00e9 pour maitriser parfaitement l&rsquo;alimentation.<br \/>\n<strong>Audio 09<\/strong>: Au del\u00e0 du poids de forme.<\/p>\n<p><span style=\"color: #333333; font-size: 18px;\"><br \/>\nCOMMENT UTILISER CE COURS\u00a0<\/span><\/p>\n<p>Une fois acchet\u00e9 le cours, le participant re\u00e7oit un mail automatique avec les donn\u00e9es d&rsquo;un compte personnel (nom de participation et mot de passe) ainsi qu&rsquo;un lien pour acc\u00e9der au site. Arriv\u00e9 sur la page d&rsquo;accueil, il suffit de cliquer sur <em>mes produits, <\/em>pour acc\u00e9der au cours audio.<\/p>\n<p>Le cours audio est en streaming, c&rsquo;est \u00e0 dire qu&rsquo;il est n\u00e9c\u00e9ssaire d&rsquo;\u00eatre connect\u00e9 \u00e0 internet pour \u00e9couter les audio..<\/p>\n<p>L&rsquo;acc\u00e8s est possible pendant 365 jours \u00e0 compter de la date d&rsquo;achat.<\/p>\n<p>Pour tirer profit au maximum de ce parcours, je vous invite \u00e0<\/p>\n<ul>\n<li>vous procurer un carnet de notes d\u00e9di\u00e9. Pour chaque audio, vous pourrez \u00e9crire vos notes, ce qui vous touche et les actions sugg\u00e9r\u00e9es.<\/li>\n<li>Laissez passer au moins une semaine entre chaque audio pour prendre le temps de mettre en pratique mes suggestions.<\/li>\n<li>Ecrire ce qui se passe pour vous durant la p\u00e9riode entre 2 audio : les \u00e9motions, les r\u00e9sultats de vos enqu\u00eates c\u2019est \u00e0 dire de vos recherches personnelles, vos prises de conscience, les difficult\u00e9s et bien s\u00fbr les succ\u00e8s.<\/li>\n<li>Les informations que je partage avec vous pourraient g\u00e9n\u00e9rer beaucoup d\u2019\u00e9motions. Si c\u2019est le cas n\u2019hesitez pas \u00e0 vous faire accompagner par un th\u00e9rapeute de confiance.<\/li>\n<li>Ce parcours audio \u00e9t\u00e9 cr\u00e9\u00e9 dans un objectif de divulgation, il ne remplace \u00e9videmment pas un parcours individuel avec un th\u00e9rapeute.<\/li>\n<\/ul>\n","protected":false},"excerpt":{"rendered":"<p>Ce parcours audio propose de changer de paradigme: au lieu de combattre le surpoids, nous l&rsquo;utilisons comme voie d&rsquo;acc\u00e9s \u00e0 notre monde int\u00e9rieur et come signal de blessures \u00e9motionnelles, convictions ou programmes qui conditionnent non seulement notre aspect physique mais aussi notre vie enti\u00e8re.<\/p>\n","protected":false},"featured_media":5113,"comment_status":"open","ping_status":"closed","template":"","meta":{"_et_pb_use_builder":"","_et_pb_old_content":"","_et_gb_content_width":""},"product_brand":[],"product_cat":[69,70],"product_tag":[],"class_list":{"0":"post-5136","1":"product","2":"type-product","3":"status-publish","4":"has-post-thumbnail","6":"product_cat-cours-audio","7":"product_cat-ressources-payantes","9":"first","10":"instock","11":"downloadable","12":"virtual","13":"sold-individually","14":"purchasable","15":"product-type-simple"},"yoast_head":"<!-- This site is optimized with the Yoast SEO plugin v27.5 - https:\/\/yoast.com\/product\/yoast-seo-wordpress\/ -->\n<title>Cours Audio &quot;Surpoids, que me racontes-tu? - Sophie Ott<\/title>\n<meta name=\"description\" content=\"Ce parcours audio propose de changer de paradigme: au lieu de combattre le surpoids, nous l&#039;utilisons comme voie d&#039;acc\u00e9s \u00e0 notre monde int\u00e9rieur et come signal de blessures \u00e9motionnelles, convictions ou programmes qui conditionnent non seulement notre aspect physique mais aussi notre vie enti\u00e8re.\" \/>\n<meta name=\"robots\" content=\"index, follow, max-snippet:-1, max-image-preview:large, max-video-preview:-1\" \/>\n<link rel=\"canonical\" href=\"https:\/\/sophieott.it\/fr\/prodotto\/cours-audio-surpoids-que-me-racontes-tu\/\" \/>\n<meta property=\"og:locale\" content=\"fr_FR\" \/>\n<meta property=\"og:type\" content=\"article\" \/>\n<meta property=\"og:title\" content=\"Cours Audio &quot;Surpoids, que me racontes-tu? - Sophie Ott\" \/>\n<meta property=\"og:description\" content=\"Ce parcours audio propose de changer de paradigme: au lieu de combattre le surpoids, nous l&#039;utilisons comme voie d&#039;acc\u00e9s \u00e0 notre monde int\u00e9rieur et come signal de blessures \u00e9motionnelles, convictions ou programmes qui conditionnent non seulement notre aspect physique mais aussi notre vie enti\u00e8re.\" \/>\n<meta property=\"og:url\" content=\"https:\/\/sophieott.it\/fr\/prodotto\/cours-audio-surpoids-que-me-racontes-tu\/\" \/>\n<meta property=\"og:site_name\" content=\"Sophie Ott\" \/>\n<meta property=\"article:modified_time\" content=\"2024-10-15T13:56:24+00:00\" \/>\n<meta property=\"og:image\" content=\"https:\/\/sophieott.it\/wp-content\/uploads\/2020\/05\/foto-produit-surpoids-que-me-raccontes-tu.001.jpeg\" \/>\n\t<meta property=\"og:image:width\" content=\"1000\" \/>\n\t<meta property=\"og:image:height\" content=\"1000\" \/>\n\t<meta property=\"og:image:type\" content=\"image\/jpeg\" \/>\n<meta name=\"twitter:card\" content=\"summary_large_image\" \/>\n<meta name=\"twitter:label1\" content=\"Dur\u00e9e de lecture estim\u00e9e\" \/>\n\t<meta name=\"twitter:data1\" content=\"2 minutes\" \/>\n<script type=\"application\/ld+json\" class=\"yoast-schema-graph\">{\"@context\":\"https:\\\/\\\/schema.org\",\"@graph\":[{\"@type\":\"WebPage\",\"@id\":\"https:\\\/\\\/sophieott.it\\\/fr\\\/prodotto\\\/cours-audio-surpoids-que-me-racontes-tu\\\/\",\"url\":\"https:\\\/\\\/sophieott.it\\\/fr\\\/prodotto\\\/cours-audio-surpoids-que-me-racontes-tu\\\/\",\"name\":\"Cours Audio \\\"Surpoids, que me racontes-tu? - Sophie Ott\",\"isPartOf\":{\"@id\":\"https:\\\/\\\/sophieott.it\\\/#website\"},\"primaryImageOfPage\":{\"@id\":\"https:\\\/\\\/sophieott.it\\\/fr\\\/prodotto\\\/cours-audio-surpoids-que-me-racontes-tu\\\/#primaryimage\"},\"image\":{\"@id\":\"https:\\\/\\\/sophieott.it\\\/fr\\\/prodotto\\\/cours-audio-surpoids-que-me-racontes-tu\\\/#primaryimage\"},\"thumbnailUrl\":\"https:\\\/\\\/sophieott.it\\\/wp-content\\\/uploads\\\/2020\\\/05\\\/foto-produit-surpoids-que-me-raccontes-tu.001.jpeg\",\"datePublished\":\"2020-03-04T09:57:00+00:00\",\"dateModified\":\"2024-10-15T13:56:24+00:00\",\"description\":\"Ce parcours audio propose de changer de paradigme: au lieu de combattre le surpoids, nous l'utilisons comme voie d'acc\u00e9s \u00e0 notre monde int\u00e9rieur et come signal de blessures \u00e9motionnelles, convictions ou programmes qui conditionnent non seulement notre aspect physique mais aussi notre vie enti\u00e8re.\",\"breadcrumb\":{\"@id\":\"https:\\\/\\\/sophieott.it\\\/fr\\\/prodotto\\\/cours-audio-surpoids-que-me-racontes-tu\\\/#breadcrumb\"},\"inLanguage\":\"fr-FR\",\"potentialAction\":[{\"@type\":\"ReadAction\",\"target\":[\"https:\\\/\\\/sophieott.it\\\/fr\\\/prodotto\\\/cours-audio-surpoids-que-me-racontes-tu\\\/\"]}]},{\"@type\":\"ImageObject\",\"inLanguage\":\"fr-FR\",\"@id\":\"https:\\\/\\\/sophieott.it\\\/fr\\\/prodotto\\\/cours-audio-surpoids-que-me-racontes-tu\\\/#primaryimage\",\"url\":\"https:\\\/\\\/sophieott.it\\\/wp-content\\\/uploads\\\/2020\\\/05\\\/foto-produit-surpoids-que-me-raccontes-tu.001.jpeg\",\"contentUrl\":\"https:\\\/\\\/sophieott.it\\\/wp-content\\\/uploads\\\/2020\\\/05\\\/foto-produit-surpoids-que-me-raccontes-tu.001.jpeg\",\"width\":1000,\"height\":1000},{\"@type\":\"BreadcrumbList\",\"@id\":\"https:\\\/\\\/sophieott.it\\\/fr\\\/prodotto\\\/cours-audio-surpoids-que-me-racontes-tu\\\/#breadcrumb\",\"itemListElement\":[{\"@type\":\"ListItem\",\"position\":1,\"name\":\"Home\",\"item\":\"https:\\\/\\\/sophieott.it\\\/fr\\\/\"},{\"@type\":\"ListItem\",\"position\":2,\"name\":\"Shop\",\"item\":\"https:\\\/\\\/sophieott.it\\\/negozio\\\/\"},{\"@type\":\"ListItem\",\"position\":3,\"name\":\"Cours Audio &#8220;Surpoids, que me racontes-tu?\"}]},{\"@type\":\"WebSite\",\"@id\":\"https:\\\/\\\/sophieott.it\\\/#website\",\"url\":\"https:\\\/\\\/sophieott.it\\\/\",\"name\":\"Sophie Ott\",\"description\":\"Bioconsapevolezza\",\"publisher\":{\"@id\":\"https:\\\/\\\/sophieott.it\\\/#\\\/schema\\\/person\\\/5a99d5f1d5c80f06ac746af8579672e2\"},\"potentialAction\":[{\"@type\":\"SearchAction\",\"target\":{\"@type\":\"EntryPoint\",\"urlTemplate\":\"https:\\\/\\\/sophieott.it\\\/?s={search_term_string}\"},\"query-input\":{\"@type\":\"PropertyValueSpecification\",\"valueRequired\":true,\"valueName\":\"search_term_string\"}}],\"inLanguage\":\"fr-FR\"},{\"@type\":[\"Person\",\"Organization\"],\"@id\":\"https:\\\/\\\/sophieott.it\\\/#\\\/schema\\\/person\\\/5a99d5f1d5c80f06ac746af8579672e2\",\"name\":\"Sophie\",\"image\":{\"@type\":\"ImageObject\",\"inLanguage\":\"fr-FR\",\"@id\":\"https:\\\/\\\/secure.gravatar.com\\\/avatar\\\/c590a6c1ce16f9da3a7af0bb4f50335d39831e731c5a8afa5006cb8e60dd17a7?s=96&d=mm&r=g\",\"url\":\"https:\\\/\\\/secure.gravatar.com\\\/avatar\\\/c590a6c1ce16f9da3a7af0bb4f50335d39831e731c5a8afa5006cb8e60dd17a7?s=96&d=mm&r=g\",\"contentUrl\":\"https:\\\/\\\/secure.gravatar.com\\\/avatar\\\/c590a6c1ce16f9da3a7af0bb4f50335d39831e731c5a8afa5006cb8e60dd17a7?s=96&d=mm&r=g\",\"caption\":\"Sophie\"},\"logo\":{\"@id\":\"https:\\\/\\\/secure.gravatar.com\\\/avatar\\\/c590a6c1ce16f9da3a7af0bb4f50335d39831e731c5a8afa5006cb8e60dd17a7?s=96&d=mm&r=g\"}}]}<\/script>\n<!-- \/ Yoast SEO plugin. -->","yoast_head_json":{"title":"Cours Audio \"Surpoids, que me racontes-tu? - Sophie Ott","description":"Ce parcours audio propose de changer de paradigme: au lieu de combattre le surpoids, nous l'utilisons comme voie d'acc\u00e9s \u00e0 notre monde int\u00e9rieur et come signal de blessures \u00e9motionnelles, convictions ou programmes qui conditionnent non seulement notre aspect physique mais aussi notre vie enti\u00e8re.","robots":{"index":"index","follow":"follow","max-snippet":"max-snippet:-1","max-image-preview":"max-image-preview:large","max-video-preview":"max-video-preview:-1"},"canonical":"https:\/\/sophieott.it\/fr\/prodotto\/cours-audio-surpoids-que-me-racontes-tu\/","og_locale":"fr_FR","og_type":"article","og_title":"Cours Audio \"Surpoids, que me racontes-tu? - Sophie Ott","og_description":"Ce parcours audio propose de changer de paradigme: au lieu de combattre le surpoids, nous l'utilisons comme voie d'acc\u00e9s \u00e0 notre monde int\u00e9rieur et come signal de blessures \u00e9motionnelles, convictions ou programmes qui conditionnent non seulement notre aspect physique mais aussi notre vie enti\u00e8re.","og_url":"https:\/\/sophieott.it\/fr\/prodotto\/cours-audio-surpoids-que-me-racontes-tu\/","og_site_name":"Sophie Ott","article_modified_time":"2024-10-15T13:56:24+00:00","og_image":[{"width":1000,"height":1000,"url":"https:\/\/sophieott.it\/wp-content\/uploads\/2020\/05\/foto-produit-surpoids-que-me-raccontes-tu.001.jpeg","type":"image\/jpeg"}],"twitter_card":"summary_large_image","twitter_misc":{"Dur\u00e9e de lecture estim\u00e9e":"2 minutes"},"schema":{"@context":"https:\/\/schema.org","@graph":[{"@type":"WebPage","@id":"https:\/\/sophieott.it\/fr\/prodotto\/cours-audio-surpoids-que-me-racontes-tu\/","url":"https:\/\/sophieott.it\/fr\/prodotto\/cours-audio-surpoids-que-me-racontes-tu\/","name":"Cours Audio \"Surpoids, que me racontes-tu? - Sophie Ott","isPartOf":{"@id":"https:\/\/sophieott.it\/#website"},"primaryImageOfPage":{"@id":"https:\/\/sophieott.it\/fr\/prodotto\/cours-audio-surpoids-que-me-racontes-tu\/#primaryimage"},"image":{"@id":"https:\/\/sophieott.it\/fr\/prodotto\/cours-audio-surpoids-que-me-racontes-tu\/#primaryimage"},"thumbnailUrl":"https:\/\/sophieott.it\/wp-content\/uploads\/2020\/05\/foto-produit-surpoids-que-me-raccontes-tu.001.jpeg","datePublished":"2020-03-04T09:57:00+00:00","dateModified":"2024-10-15T13:56:24+00:00","description":"Ce parcours audio propose de changer de paradigme: au lieu de combattre le surpoids, nous l'utilisons comme voie d'acc\u00e9s \u00e0 notre monde int\u00e9rieur et come signal de blessures \u00e9motionnelles, convictions ou programmes qui conditionnent non seulement notre aspect physique mais aussi notre vie enti\u00e8re.","breadcrumb":{"@id":"https:\/\/sophieott.it\/fr\/prodotto\/cours-audio-surpoids-que-me-racontes-tu\/#breadcrumb"},"inLanguage":"fr-FR","potentialAction":[{"@type":"ReadAction","target":["https:\/\/sophieott.it\/fr\/prodotto\/cours-audio-surpoids-que-me-racontes-tu\/"]}]},{"@type":"ImageObject","inLanguage":"fr-FR","@id":"https:\/\/sophieott.it\/fr\/prodotto\/cours-audio-surpoids-que-me-racontes-tu\/#primaryimage","url":"https:\/\/sophieott.it\/wp-content\/uploads\/2020\/05\/foto-produit-surpoids-que-me-raccontes-tu.001.jpeg","contentUrl":"https:\/\/sophieott.it\/wp-content\/uploads\/2020\/05\/foto-produit-surpoids-que-me-raccontes-tu.001.jpeg","width":1000,"height":1000},{"@type":"BreadcrumbList","@id":"https:\/\/sophieott.it\/fr\/prodotto\/cours-audio-surpoids-que-me-racontes-tu\/#breadcrumb","itemListElement":[{"@type":"ListItem","position":1,"name":"Home","item":"https:\/\/sophieott.it\/fr\/"},{"@type":"ListItem","position":2,"name":"Shop","item":"https:\/\/sophieott.it\/negozio\/"},{"@type":"ListItem","position":3,"name":"Cours Audio &#8220;Surpoids, que me racontes-tu?"}]},{"@type":"WebSite","@id":"https:\/\/sophieott.it\/#website","url":"https:\/\/sophieott.it\/","name":"Sophie Ott","description":"Bioconsapevolezza","publisher":{"@id":"https:\/\/sophieott.it\/#\/schema\/person\/5a99d5f1d5c80f06ac746af8579672e2"},"potentialAction":[{"@type":"SearchAction","target":{"@type":"EntryPoint","urlTemplate":"https:\/\/sophieott.it\/?s={search_term_string}"},"query-input":{"@type":"PropertyValueSpecification","valueRequired":true,"valueName":"search_term_string"}}],"inLanguage":"fr-FR"},{"@type":["Person","Organization"],"@id":"https:\/\/sophieott.it\/#\/schema\/person\/5a99d5f1d5c80f06ac746af8579672e2","name":"Sophie","image":{"@type":"ImageObject","inLanguage":"fr-FR","@id":"https:\/\/secure.gravatar.com\/avatar\/c590a6c1ce16f9da3a7af0bb4f50335d39831e731c5a8afa5006cb8e60dd17a7?s=96&d=mm&r=g","url":"https:\/\/secure.gravatar.com\/avatar\/c590a6c1ce16f9da3a7af0bb4f50335d39831e731c5a8afa5006cb8e60dd17a7?s=96&d=mm&r=g","contentUrl":"https:\/\/secure.gravatar.com\/avatar\/c590a6c1ce16f9da3a7af0bb4f50335d39831e731c5a8afa5006cb8e60dd17a7?s=96&d=mm&r=g","caption":"Sophie"},"logo":{"@id":"https:\/\/secure.gravatar.com\/avatar\/c590a6c1ce16f9da3a7af0bb4f50335d39831e731c5a8afa5006cb8e60dd17a7?s=96&d=mm&r=g"}}]}},"_links":{"self":[{"href":"https:\/\/sophieott.it\/fr\/wp-json\/wp\/v2\/product\/5136","targetHints":{"allow":["GET"]}}],"collection":[{"href":"https:\/\/sophieott.it\/fr\/wp-json\/wp\/v2\/product"}],"about":[{"href":"https:\/\/sophieott.it\/fr\/wp-json\/wp\/v2\/types\/product"}],"replies":[{"embeddable":true,"href":"https:\/\/sophieott.it\/fr\/wp-json\/wp\/v2\/comments?post=5136"}],"wp:featuredmedia":[{"embeddable":true,"href":"https:\/\/sophieott.it\/fr\/wp-json\/wp\/v2\/media\/5113"}],"wp:attachment":[{"href":"https:\/\/sophieott.it\/fr\/wp-json\/wp\/v2\/media?parent=5136"}],"wp:term":[{"taxonomy":"product_brand","embeddable":true,"href":"https:\/\/sophieott.it\/fr\/wp-json\/wp\/v2\/product_brand?post=5136"},{"taxonomy":"product_cat","embeddable":true,"href":"https:\/\/sophieott.it\/fr\/wp-json\/wp\/v2\/product_cat?post=5136"},{"taxonomy":"product_tag","embeddable":true,"href":"https:\/\/sophieott.it\/fr\/wp-json\/wp\/v2\/product_tag?post=5136"}],"curies":[{"name":"wp","href":"https:\/\/api.w.org\/{rel}","templated":true}]}}